{"id":4435,"date":"2021-01-17T14:18:28","date_gmt":"2021-01-17T13:18:28","guid":{"rendered":"https:\/\/www.mannekenfiets.be\/job-mecanicien-ne\/"},"modified":"2025-09-24T13:02:25","modified_gmt":"2025-09-24T11:02:25","slug":"job-manneken-fiets-fr","status":"publish","type":"page","link":"https:\/\/www.mannekenfiets.be\/fr\/job-manneken-fiets-fr\/","title":{"rendered":"Nous cherchons un.e m\u00e9canicien.ne v\u00e9lo exp\u00e9riment\u00e9.e"},"content":{"rendered":"<div id='full_slider_1'  class='avia-fullwidth-slider main_color avia-shadow   avia-builder-el-0  el_before_av_one_fifth  avia-builder-el-first   container_wrap sidebar_left'  >\n<style type=\"text\/css\" data-created_by=\"avia_inline_auto\" id=\"style-css-av-kk15avvc-4c5131e8d890a9f5c66aef5f88155c76\">\n#top #wrap_all .avia-slideshow .av-slideshow-caption.av-kk15avvc-4c5131e8d890a9f5c66aef5f88155c76__0 .avia-caption-title{\ncolor:#ffffff;\n}\n<\/style>\n<div  class='avia-slideshow av-kk15avvc-4c5131e8d890a9f5c66aef5f88155c76 avia-slideshow-featured av_slideshow_full avia-slide-slider av-slideshow-ui av-control-default av-slideshow-manual av-loop-once av-loop-manual-endless av-default-height-applied   avia-slideshow-1' data-slideshow-options=\"{&quot;animation&quot;:&quot;slide&quot;,&quot;autoplay&quot;:false,&quot;loop_autoplay&quot;:&quot;once&quot;,&quot;interval&quot;:5,&quot;loop_manual&quot;:&quot;manual-endless&quot;,&quot;autoplay_stopper&quot;:false,&quot;noNavigation&quot;:false,&quot;bg_slider&quot;:false,&quot;keep_padding&quot;:false,&quot;hoverpause&quot;:false,&quot;show_slide_delay&quot;:0}\"  itemprop=\"image\" itemscope=\"itemscope\" itemtype=\"https:\/\/schema.org\/ImageObject\" ><ul class='avia-slideshow-inner ' style='padding-bottom: 28.666666666667%;'><li  class='avia-slideshow-slide av-kk15avvc-4c5131e8d890a9f5c66aef5f88155c76__0  av-single-slide slide-1 slide-odd'><div data-rel='slideshow-1' class='avia-slide-wrap '   ><div class='av-slideshow-caption av-kk15avvc-4c5131e8d890a9f5c66aef5f88155c76__0 caption_fullwidth caption_center'><div class=\"container caption_container\"><div class=\"slideshow_caption\"><div class=\"slideshow_inner_caption\"><div class=\"slideshow_align_caption\"><h2 class='avia-caption-title '  itemprop=\"name\" >NOUS CHERCHONS UN.E M\u00c9CANICIEN.NE<\/h2><\/div><\/div><\/div><\/div><\/div><img decoding=\"async\" fetchpriority=\"high\" class=\"wp-image-4417 avia-img-lazy-loading-not-4417\"  src=\"https:\/\/www.mannekenfiets.be\/wp-content\/uploads\/2021\/01\/DSC01023-1-1500x430.jpg\" width=\"1500\" height=\"430\" title='DSC01023' alt=''  itemprop=\"thumbnailUrl\"   \/><div class='av-section-color-overlay' style='opacity: 0.5; background-color: #020202; '><\/div><\/div><\/li><\/ul><\/div><\/div><div id='after_full_slider_1'  class='main_color av_default_container_wrap container_wrap sidebar_left'  ><div class='container av-section-cont-open' ><div class='template-page content  av-content-small units'><div class='post-entry post-entry-type-page post-entry-4435'><div class='entry-content-wrapper clearfix'>\n\n<style type=\"text\/css\" data-created_by=\"avia_inline_auto\" id=\"style-css-av-2xubm0-f281cda9c1754dba97ff45673a029019\">\n.flex_column.av-2xubm0-f281cda9c1754dba97ff45673a029019{\nborder-radius:0px 0px 0px 0px;\npadding:0px 0px 0px 0px;\n}\n<\/style>\n<div  class='flex_column av-2xubm0-f281cda9c1754dba97ff45673a029019 av_one_fifth  avia-builder-el-1  el_after_av_slideshow_full  el_before_av_three_fifth  avia-builder-el-first  first flex_column_div av-zero-column-padding  '     ><\/div>\n\n<style type=\"text\/css\" data-created_by=\"avia_inline_auto\" id=\"style-css-av-604vfc-583636dcfc584c241eb5370549dba4fa\">\n.flex_column.av-604vfc-583636dcfc584c241eb5370549dba4fa{\nborder-radius:0px 0px 0px 0px;\npadding:0px 0px 0px 0px;\n}\n<\/style>\n<div  class='flex_column av-604vfc-583636dcfc584c241eb5370549dba4fa av_three_fifth  avia-builder-el-2  el_after_av_one_fifth  el_before_av_one_fifth  flex_column_div av-zero-column-padding  '     ><p><section  class='av_textblock_section av-kk14v6sq-1fde815916adb5704b3d659804083397 '   itemscope=\"itemscope\" itemtype=\"https:\/\/schema.org\/CreativeWork\" ><div class='avia_textblock'  itemprop=\"text\" ><p><a href=\"http:\/\/www.mannekenfiets.be\/nl\/job-manneken-fiets\">Bekijk de Nederlandstalige vacature<\/a><\/p>\n<p><strong>Manneken Fiets est un magasin de v\u00e9los situ\u00e9 \u00e0 Wemmel, dans la p\u00e9riph\u00e9rie bruxelloise. Nous proposons des marques de qualit\u00e9 et nous ambitionnons d\u2019offrir un service artisanal premium. Nous recherchons un.e m\u00e9canicien.ne v\u00e9lo exp\u00e9riment\u00e9.e pour g\u00e9rer notre atelier et encadrer les m\u00e9caniciens \u00e0 temps partiel.<\/strong><\/p>\n<p><strong>Vous pr\u00e9f\u00e9rez travailler comme ind\u00e9pendant? N\u2019h\u00e9sitez-pas \u00e0 nous contacter \u00e9galement.<\/strong><\/p>\n<p><strong>Votre profil<\/strong><\/p>\n<ul>\n<li>Vous avez au moins trois ans d&rsquo;exp\u00e9rience \u00e0 plein temps dans le montage et la r\u00e9paration de v\u00e9los (v\u00e9los de ville, v\u00e9los sportifs, v\u00e9los \u00e9lectriques)<\/li>\n<li>Vous avez une bonne connaissance des normes et standards de l\u2019industrie du cycle et des fournisseurs belges et \u00e9trangers.<\/li>\n<li>Vous pouvez travailler de mani\u00e8re concentr\u00e9e en pr\u00eatant attention aux d\u00e9tails, mais vous connaissez aussi les priorit\u00e9s et savez quand le travail doit \u00eatre fait rapidement et efficacement.<\/li>\n<li>Vous ma\u00eetrisez parfaitement le fran\u00e7ais et pouvez vous d\u00e9brouiller en n\u00e9erlandais, ou l\u2019inverse. Un vrai bilinguisme est un atout.<\/li>\n<li>Vous pouvez communiquer couramment et avec enthousiasme avec les clients. Vous pouvez expliquer quel travail a \u00e9t\u00e9 effectu\u00e9 et pourquoi. Vous savez aussi venir en renfort dans le magasin en cas d\u2019affluence, et vous pouvez expliquer notre gamme de v\u00e9los et comprendre les besoins du client.<\/li>\n<li>Vous pouvez travailler de mani\u00e8re ind\u00e9pendante, mais vous ne perdez jamais votre esprit d\u2019\u00e9quipe et savez \u00e0 quel point votre investissement compte.<\/li>\n<li>Petit plus: vous avez d\u00e9j\u00e0 travaill\u00e9 sur des v\u00e9los longtail et cargo et vous connaissez les marques de notre assortiment.<\/li>\n<\/ul>\n<p><strong>Notre offre<\/strong><\/p>\n<ul>\n<li>Un CDD 1 an, prolongeable. D\u00e9marrage au plus tard janvier 2026<\/li>\n<li>Temps plein ou 4\/5e<\/li>\n<li>Un environnement de travail agr\u00e9able et convivial avec une client\u00e8le tr\u00e8s sympathique<\/li>\n<li>Des opportunit\u00e9s de formation toute l&rsquo;ann\u00e9e et selon vos envies<\/li>\n<li>Un salaire attractif, aux bar\u00e8mes du CP 149.04 (\u00e9chelon \u00e0 discuter selon comp\u00e9tences, entre 16,22\u20ac et 20,28\u20ac\/h)<\/li>\n<li>Ecoch\u00e8ques annuels<\/li>\n<\/ul>\n<p><strong>Int\u00e9ress\u00e9 ?<\/strong><\/p>\n<p>Envoyez un mail adress\u00e9 \u00e0 hello@mannekenfiets.be ou contactez Bastien au 0485832404<\/p>\n<\/div><\/section><br \/>\n<div  class='avia-button-wrap av-kk15uxm7-8444fdaedf4c93b73f5062bfebec9582-wrap avia-button-center  avia-builder-el-4  el_after_av_textblock  avia-builder-el-last '><a href='https:\/\/www.mannekenfiets.be\/wp-content\/uploads\/2025\/09\/Vacature-Manneken-Fiets-1.pdf'  class='avia-button av-kk15uxm7-8444fdaedf4c93b73f5062bfebec9582 av-link-btn avia-icon_select-no avia-size-small avia-position-center avia-color-theme-color'  target=\"_blank\"  rel=\"noopener noreferrer\"  aria-label=\"T\u00e9l\u00e9chargez l\u2019offre d\u2019emploi en PDF (FR + NL)\"><span class='avia_iconbox_title' >T\u00e9l\u00e9chargez l\u2019offre d\u2019emploi en PDF (FR + NL)<\/span><\/a><\/div><\/p><\/div>\n<style type=\"text\/css\" data-created_by=\"avia_inline_auto\" id=\"style-css-av-7oyqaw-b5f6c4c3e376c9b03a6e5b4ba741d3b8\">\n.flex_column.av-7oyqaw-b5f6c4c3e376c9b03a6e5b4ba741d3b8{\nborder-radius:0px 0px 0px 0px;\npadding:0px 0px 0px 0px;\n}\n<\/style>\n<div  class='flex_column av-7oyqaw-b5f6c4c3e376c9b03a6e5b4ba741d3b8 av_one_fifth  avia-builder-el-5  el_after_av_three_fifth  avia-builder-el-last  flex_column_div av-zero-column-padding  '     ><\/div><\/p>\n","protected":false},"excerpt":{"rendered":"","protected":false},"author":2,"featured_media":0,"parent":0,"menu_order":0,"comment_status":"closed","ping_status":"closed","template":"","meta":{"_monsterinsights_skip_tracking":false,"_monsterinsights_sitenote_active":false,"_monsterinsights_sitenote_note":"","_monsterinsights_sitenote_category":0,"footnotes":""},"class_list":["post-4435","page","type-page","status-publish","hentry"],"yoast_head":"<!-- This site is optimized with the Yoast SEO plugin v26.8 - https:\/\/yoast.com\/product\/yoast-seo-wordpress\/ -->\n<title>Nous cherchons un.e m\u00e9canicien.ne v\u00e9lo exp\u00e9riment\u00e9.e - Manneken Fiets<\/title>\n<meta name=\"robots\" content=\"index, follow, max-snippet:-1, max-image-preview:large, max-video-preview:-1\" \/>\n<link rel=\"canonical\" href=\"https:\/\/www.mannekenfiets.be\/fr\/job-manneken-fiets-fr\/\" \/>\n<meta property=\"og:locale\" content=\"fr_FR\" \/>\n<meta property=\"og:type\" content=\"article\" \/>\n<meta property=\"og:title\" content=\"Nous cherchons un.e m\u00e9canicien.ne v\u00e9lo exp\u00e9riment\u00e9.e - Manneken Fiets\" \/>\n<meta property=\"og:url\" content=\"https:\/\/www.mannekenfiets.be\/fr\/job-manneken-fiets-fr\/\" \/>\n<meta property=\"og:site_name\" content=\"Manneken Fiets\" \/>\n<meta property=\"article:modified_time\" content=\"2025-09-24T11:02:25+00:00\" \/>\n<meta name=\"twitter:card\" content=\"summary_large_image\" \/>\n<meta name=\"twitter:label1\" content=\"Dur\u00e9e de lecture estim\u00e9e\" \/>\n\t<meta name=\"twitter:data1\" content=\"6 minutes\" \/>\n<script type=\"application\/ld+json\" class=\"yoast-schema-graph\">{\"@context\":\"https:\/\/schema.org\",\"@graph\":[{\"@type\":\"WebPage\",\"@id\":\"https:\/\/www.mannekenfiets.be\/fr\/job-manneken-fiets-fr\/\",\"url\":\"https:\/\/www.mannekenfiets.be\/fr\/job-manneken-fiets-fr\/\",\"name\":\"Nous cherchons un.e m\u00e9canicien.ne v\u00e9lo exp\u00e9riment\u00e9.e - Manneken Fiets\",\"isPartOf\":{\"@id\":\"https:\/\/www.mannekenfiets.be\/fr\/#website\"},\"datePublished\":\"2021-01-17T13:18:28+00:00\",\"dateModified\":\"2025-09-24T11:02:25+00:00\",\"breadcrumb\":{\"@id\":\"https:\/\/www.mannekenfiets.be\/fr\/job-manneken-fiets-fr\/#breadcrumb\"},\"inLanguage\":\"fr-FR\",\"potentialAction\":[{\"@type\":\"ReadAction\",\"target\":[\"https:\/\/www.mannekenfiets.be\/fr\/job-manneken-fiets-fr\/\"]}]},{\"@type\":\"BreadcrumbList\",\"@id\":\"https:\/\/www.mannekenfiets.be\/fr\/job-manneken-fiets-fr\/#breadcrumb\",\"itemListElement\":[{\"@type\":\"ListItem\",\"position\":1,\"name\":\"Accueil\",\"item\":\"https:\/\/www.mannekenfiets.be\/fr\/home\/\"},{\"@type\":\"ListItem\",\"position\":2,\"name\":\"Nous cherchons un.e m\u00e9canicien.ne v\u00e9lo exp\u00e9riment\u00e9.e\"}]},{\"@type\":\"WebSite\",\"@id\":\"https:\/\/www.mannekenfiets.be\/fr\/#website\",\"url\":\"https:\/\/www.mannekenfiets.be\/fr\/\",\"name\":\"Manneken Fiets\",\"description\":\"\",\"publisher\":{\"@id\":\"https:\/\/www.mannekenfiets.be\/fr\/#organization\"},\"potentialAction\":[{\"@type\":\"SearchAction\",\"target\":{\"@type\":\"EntryPoint\",\"urlTemplate\":\"https:\/\/www.mannekenfiets.be\/fr\/?s={search_term_string}\"},\"query-input\":{\"@type\":\"PropertyValueSpecification\",\"valueRequired\":true,\"valueName\":\"search_term_string\"}}],\"inLanguage\":\"fr-FR\"},{\"@type\":\"Organization\",\"@id\":\"https:\/\/www.mannekenfiets.be\/fr\/#organization\",\"name\":\"Manneken Fiets\",\"url\":\"https:\/\/www.mannekenfiets.be\/fr\/\",\"logo\":{\"@type\":\"ImageObject\",\"inLanguage\":\"fr-FR\",\"@id\":\"https:\/\/www.mannekenfiets.be\/fr\/#\/schema\/logo\/image\/\",\"url\":\"https:\/\/www.mannekenfiets.be\/wp-content\/uploads\/2020\/05\/Schermafbeelding-2020-05-05-om-10.33.21-e1589351777361.png\",\"contentUrl\":\"https:\/\/www.mannekenfiets.be\/wp-content\/uploads\/2020\/05\/Schermafbeelding-2020-05-05-om-10.33.21-e1589351777361.png\",\"width\":832,\"height\":509,\"caption\":\"Manneken Fiets\"},\"image\":{\"@id\":\"https:\/\/www.mannekenfiets.be\/fr\/#\/schema\/logo\/image\/\"}}]}<\/script>\n<!-- \/ Yoast SEO plugin. -->","yoast_head_json":{"title":"Nous cherchons un.e m\u00e9canicien.ne v\u00e9lo exp\u00e9riment\u00e9.e - Manneken Fiets","robots":{"index":"index","follow":"follow","max-snippet":"max-snippet:-1","max-image-preview":"max-image-preview:large","max-video-preview":"max-video-preview:-1"},"canonical":"https:\/\/www.mannekenfiets.be\/fr\/job-manneken-fiets-fr\/","og_locale":"fr_FR","og_type":"article","og_title":"Nous cherchons un.e m\u00e9canicien.ne v\u00e9lo exp\u00e9riment\u00e9.e - Manneken Fiets","og_url":"https:\/\/www.mannekenfiets.be\/fr\/job-manneken-fiets-fr\/","og_site_name":"Manneken Fiets","article_modified_time":"2025-09-24T11:02:25+00:00","twitter_card":"summary_large_image","twitter_misc":{"Dur\u00e9e de lecture estim\u00e9e":"6 minutes"},"schema":{"@context":"https:\/\/schema.org","@graph":[{"@type":"WebPage","@id":"https:\/\/www.mannekenfiets.be\/fr\/job-manneken-fiets-fr\/","url":"https:\/\/www.mannekenfiets.be\/fr\/job-manneken-fiets-fr\/","name":"Nous cherchons un.e m\u00e9canicien.ne v\u00e9lo exp\u00e9riment\u00e9.e - Manneken Fiets","isPartOf":{"@id":"https:\/\/www.mannekenfiets.be\/fr\/#website"},"datePublished":"2021-01-17T13:18:28+00:00","dateModified":"2025-09-24T11:02:25+00:00","breadcrumb":{"@id":"https:\/\/www.mannekenfiets.be\/fr\/job-manneken-fiets-fr\/#breadcrumb"},"inLanguage":"fr-FR","potentialAction":[{"@type":"ReadAction","target":["https:\/\/www.mannekenfiets.be\/fr\/job-manneken-fiets-fr\/"]}]},{"@type":"BreadcrumbList","@id":"https:\/\/www.mannekenfiets.be\/fr\/job-manneken-fiets-fr\/#breadcrumb","itemListElement":[{"@type":"ListItem","position":1,"name":"Accueil","item":"https:\/\/www.mannekenfiets.be\/fr\/home\/"},{"@type":"ListItem","position":2,"name":"Nous cherchons un.e m\u00e9canicien.ne v\u00e9lo exp\u00e9riment\u00e9.e"}]},{"@type":"WebSite","@id":"https:\/\/www.mannekenfiets.be\/fr\/#website","url":"https:\/\/www.mannekenfiets.be\/fr\/","name":"Manneken Fiets","description":"","publisher":{"@id":"https:\/\/www.mannekenfiets.be\/fr\/#organization"},"potentialAction":[{"@type":"SearchAction","target":{"@type":"EntryPoint","urlTemplate":"https:\/\/www.mannekenfiets.be\/fr\/?s={search_term_string}"},"query-input":{"@type":"PropertyValueSpecification","valueRequired":true,"valueName":"search_term_string"}}],"inLanguage":"fr-FR"},{"@type":"Organization","@id":"https:\/\/www.mannekenfiets.be\/fr\/#organization","name":"Manneken Fiets","url":"https:\/\/www.mannekenfiets.be\/fr\/","logo":{"@type":"ImageObject","inLanguage":"fr-FR","@id":"https:\/\/www.mannekenfiets.be\/fr\/#\/schema\/logo\/image\/","url":"https:\/\/www.mannekenfiets.be\/wp-content\/uploads\/2020\/05\/Schermafbeelding-2020-05-05-om-10.33.21-e1589351777361.png","contentUrl":"https:\/\/www.mannekenfiets.be\/wp-content\/uploads\/2020\/05\/Schermafbeelding-2020-05-05-om-10.33.21-e1589351777361.png","width":832,"height":509,"caption":"Manneken Fiets"},"image":{"@id":"https:\/\/www.mannekenfiets.be\/fr\/#\/schema\/logo\/image\/"}}]}},"_links":{"self":[{"href":"https:\/\/www.mannekenfiets.be\/fr\/wp-json\/wp\/v2\/pages\/4435","targetHints":{"allow":["GET"]}}],"collection":[{"href":"https:\/\/www.mannekenfiets.be\/fr\/wp-json\/wp\/v2\/pages"}],"about":[{"href":"https:\/\/www.mannekenfiets.be\/fr\/wp-json\/wp\/v2\/types\/page"}],"author":[{"embeddable":true,"href":"https:\/\/www.mannekenfiets.be\/fr\/wp-json\/wp\/v2\/users\/2"}],"replies":[{"embeddable":true,"href":"https:\/\/www.mannekenfiets.be\/fr\/wp-json\/wp\/v2\/comments?post=4435"}],"version-history":[{"count":17,"href":"https:\/\/www.mannekenfiets.be\/fr\/wp-json\/wp\/v2\/pages\/4435\/revisions"}],"predecessor-version":[{"id":10821,"href":"https:\/\/www.mannekenfiets.be\/fr\/wp-json\/wp\/v2\/pages\/4435\/revisions\/10821"}],"wp:attachment":[{"href":"https:\/\/www.mannekenfiets.be\/fr\/wp-json\/wp\/v2\/media?parent=4435"}],"curies":[{"name":"wp","href":"https:\/\/api.w.org\/{rel}","templated":true}]}}